{"id":533,"date":"2020-12-22T15:24:27","date_gmt":"2020-12-22T14:24:27","guid":{"rendered":"https:\/\/www.subdeco.com\/batiment\/?page_id=533"},"modified":"2025-07-22T13:21:52","modified_gmt":"2025-07-22T11:21:52","slug":"mentions-legales","status":"publish","type":"page","link":"https:\/\/www.subdeco.com\/bati\/mentions-legales\/","title":{"rendered":"Mentions l\u00e9gales"},"content":{"rendered":"<h2>Politique de confidentialit\u00e9<\/h2>\n<p>Votre vie priv\u00e9e est d\u2019une importance capitale pour nous. Chez Subdeco, nous avons quelques principes fondamentaux :<\/p>\n<ul>\n<li>Nous sommes attentifs aux informations personnelles que nous vous demandons de fournir et aux informations personnelles que nous recueillons sur vous dans le cadre de nos services.<\/li>\n<li>Nous ne conservons les informations personnelles qu\u2019aussi longtemps que nous avons une raison de les conserver.<\/li>\n<li>Nous utiliserons vos informations selon votre demande initiale, pour vous envoyer notre Livre Blanc, notre Newsletter ou vous contacter au sujet de nos produits et services.<\/li>\n<\/ul>\n<h3>Qui sommes-nous ?<\/h3>\n<p>L\u2019adresse de notre site web est la suivante : <a href=\"https:\/\/www.subdeco.com\">https:\/\/www.subdeco.com<\/a><\/p>\n<h3>Quelles sont les donn\u00e9es personnelles que nous recueillons et pourquoi nous les recueillons ?<\/h3>\n<h4>Commentaires<\/h4>\n<p>Lorsque les visiteurs laissent des commentaires sur le site, nous recueillons les donn\u00e9es indiqu\u00e9es dans le formulaire de commentaires, ainsi que l\u2019adresse IP du visiteur et la cha\u00eene de l\u2019agent utilisateur du navigateur pour aider \u00e0 la d\u00e9tection du spam.<\/p>\n<h4>Formulaires de contact<\/h4>\n<p>Les donn\u00e9es soumises via nos formulaires de contact sont utilis\u00e9es uniquement dans le cadre de votre demande initiale.<\/p>\n<h4>Cookies<\/h4>\n<p>Si vous laissez un commentaire sur notre site, vous pouvez choisir d\u2019enregistrer votre nom, votre adresse \u00e9lectronique et votre site web dans des cookies. Ces cookies sont destin\u00e9s \u00e0 vous faciliter la t\u00e2che afin que vous n\u2019ayez pas \u00e0 remplir \u00e0 nouveau vos coordonn\u00e9es lors d\u2019une prochaine visite.<\/p>\n<p>Si vous visitez notre page de connexion, nous placerons un cookie temporaire pour d\u00e9terminer si votre navigateur accepte les cookies. Ce cookie ne contient aucune donn\u00e9e personnelle et est supprim\u00e9 lorsque vous fermez votre navigateur.<\/p>\n<p>Lorsque vous vous connecterez, nous installerons \u00e9galement plusieurs cookies pour sauvegarder vos informations de connexion et vos choix d\u2019affichage \u00e0 l\u2019\u00e9cran.<\/p>\n<h4>Contenu int\u00e9gr\u00e9 provenant d\u2019autres sites web<\/h4>\n<p>Les articles de ce site peuvent comporter du contenu int\u00e9gr\u00e9 (par exemple des vid\u00e9os, des images, des articles, etc.). Le contenu int\u00e9gr\u00e9 provenant d\u2019autres sites web se comporte exactement de la m\u00eame mani\u00e8re que si le visiteur avait visit\u00e9 l\u2019autre site web.<\/p>\n<p>Ces sites web peuvent collecter des donn\u00e9es vous concernant, utiliser des cookies, int\u00e9grer un suivi tiers suppl\u00e9mentaire et surveiller votre interaction avec ce contenu int\u00e9gr\u00e9, y compris si vous avez un compte et \u00eates connect\u00e9 \u00e0 ce site web.<\/p>\n<h4>Analytics<\/h4>\n<p>Des outils d\u2019analyse peuvent \u00eatre utilis\u00e9s pour am\u00e9liorer le fonctionnement du site. Ils collectent des donn\u00e9es anonymis\u00e9es \u00e0 des fins statistiques.<\/p>\n<h3>Avec qui nous partageons vos donn\u00e9es ?<\/h3>\n<p>Nous ne partageons vos donn\u00e9es personnelles avec aucun tiers, sauf si la loi l\u2019exige ou si cela est n\u00e9cessaire pour r\u00e9pondre \u00e0 votre demande.<\/p>\n<h3>Combien de temps nous conservons vos donn\u00e9es ?<\/h3>\n<p>Si vous laissez un commentaire, celui-ci et ses m\u00e9tadonn\u00e9es sont conserv\u00e9s ind\u00e9finiment. Cela permet de reconna\u00eetre et d\u2019approuver automatiquement tout commentaire de suivi au lieu de les conserver dans une file d\u2019attente de mod\u00e9ration.<\/p>\n<p>Pour les utilisateurs qui s\u2019inscrivent sur notre site web (le cas \u00e9ch\u00e9ant), nous conservons \u00e9galement les informations personnelles fournies dans leur profil d\u2019utilisateur. Tous les utilisateurs peuvent voir, modifier ou supprimer leurs informations personnelles \u00e0 tout moment (\u00e0 l\u2019exception du nom d\u2019utilisateur). Les administrateurs du site peuvent \u00e9galement consulter et modifier ces informations.<\/p>\n<h3>Quels sont vos droits sur vos donn\u00e9es ?<\/h3>\n<p>Si vous avez un compte sur ce site ou si vous avez laiss\u00e9 des commentaires, vous pouvez demander \u00e0 recevoir un fichier export\u00e9 des donn\u00e9es personnelles que nous d\u00e9tenons \u00e0 votre sujet, y compris celles que vous nous avez fournies.<\/p>\n<p>Vous pouvez \u00e9galement demander l\u2019effacement de vos donn\u00e9es personnelles. Cela n\u2019inclut pas les donn\u00e9es que nous sommes oblig\u00e9s de conserver \u00e0 des fins administratives, juridiques ou de s\u00e9curit\u00e9.<\/p>\n","protected":false},"excerpt":{"rendered":"<p>Politique de confidentialit\u00e9 Votre vie priv\u00e9e est d\u2019une importance capitale pour nous. Chez Subdeco, nous avons quelques principes fondamentaux : Nous sommes attentifs aux informations personnelles que nous vous demandons&#8230;<\/p>\n","protected":false},"author":1,"featured_media":0,"parent":0,"menu_order":0,"comment_status":"closed","ping_status":"closed","template":"","meta":{"footnotes":""},"class_list":["post-533","page","type-page","status-publish"],"yoast_head":"<!-- This site is optimized with the Yoast SEO plugin v26.9 - https:\/\/yoast.com\/product\/yoast-seo-wordpress\/ -->\n<title>Mentions l\u00e9gales | SubD\u00e9co B\u00e2ti<\/title>\n<meta name=\"description\" content=\"Votre vie priv\u00e9e est d\u2019une importance capitale pour nous. Chez Subdeco, nous avons quelques principes fondamentaux.\" \/>\n<meta name=\"robots\" content=\"index, follow, max-snippet:-1, max-image-preview:large, max-video-preview:-1\" \/>\n<link rel=\"canonical\" href=\"https:\/\/www.subdeco.com\/bati\/mentions-legales\/\" \/>\n<meta property=\"og:locale\" content=\"fr_FR\" \/>\n<meta property=\"og:type\" content=\"article\" \/>\n<meta property=\"og:title\" content=\"Mentions l\u00e9gales | SubD\u00e9co B\u00e2ti\" \/>\n<meta property=\"og:description\" content=\"Votre vie priv\u00e9e est d\u2019une importance capitale pour nous. Chez Subdeco, nous avons quelques principes fondamentaux.\" \/>\n<meta property=\"og:url\" content=\"https:\/\/www.subdeco.com\/bati\/mentions-legales\/\" \/>\n<meta property=\"og:site_name\" content=\"Subd\u00e9co - B\u00e2ti\" \/>\n<meta property=\"article:modified_time\" content=\"2025-07-22T11:21:52+00:00\" \/>\n<meta property=\"og:image\" content=\"https:\/\/www.subdeco.com\/bati\/wp-content\/uploads\/sites\/2\/2021\/02\/shutterstock_236721541-comp.jpg\" \/>\n\t<meta property=\"og:image:width\" content=\"1500\" \/>\n\t<meta property=\"og:image:height\" content=\"1000\" \/>\n\t<meta property=\"og:image:type\" content=\"image\/jpeg\" \/>\n<meta name=\"twitter:card\" content=\"summary_large_image\" \/>\n<meta name=\"twitter:label1\" content=\"Dur\u00e9e de lecture estim\u00e9e\" \/>\n\t<meta name=\"twitter:data1\" content=\"4 minutes\" \/>\n<script type=\"application\/ld+json\" class=\"yoast-schema-graph\">{\"@context\":\"https:\/\/schema.org\",\"@graph\":[{\"@type\":\"WebPage\",\"@id\":\"https:\/\/www.subdeco.com\/bati\/mentions-legales\/\",\"url\":\"https:\/\/www.subdeco.com\/bati\/mentions-legales\/\",\"name\":\"Mentions l\u00e9gales | SubD\u00e9co B\u00e2ti\",\"isPartOf\":{\"@id\":\"https:\/\/www.subdeco.com\/bati\/#website\"},\"datePublished\":\"2020-12-22T14:24:27+00:00\",\"dateModified\":\"2025-07-22T11:21:52+00:00\",\"description\":\"Votre vie priv\u00e9e est d\u2019une importance capitale pour nous. Chez Subdeco, nous avons quelques principes fondamentaux.\",\"breadcrumb\":{\"@id\":\"https:\/\/www.subdeco.com\/bati\/mentions-legales\/#breadcrumb\"},\"inLanguage\":\"fr-FR\",\"potentialAction\":[{\"@type\":\"ReadAction\",\"target\":[\"https:\/\/www.subdeco.com\/bati\/mentions-legales\/\"]}]},{\"@type\":\"BreadcrumbList\",\"@id\":\"https:\/\/www.subdeco.com\/bati\/mentions-legales\/#breadcrumb\",\"itemListElement\":[{\"@type\":\"ListItem\",\"position\":1,\"name\":\"Accueil\",\"item\":\"https:\/\/www.subdeco.com\/bati\/\"},{\"@type\":\"ListItem\",\"position\":2,\"name\":\"Mentions l\u00e9gales\"}]},{\"@type\":\"WebSite\",\"@id\":\"https:\/\/www.subdeco.com\/bati\/#website\",\"url\":\"https:\/\/www.subdeco.com\/bati\/\",\"name\":\"SubD\u00e9co\",\"description\":\"Conception sur-mesure de solution textile et protection solaire\",\"publisher\":{\"@id\":\"https:\/\/www.subdeco.com\/bati\/#organization\"},\"alternateName\":\"SubD\u00e9co - B\u00e2ti\",\"potentialAction\":[{\"@type\":\"SearchAction\",\"target\":{\"@type\":\"EntryPoint\",\"urlTemplate\":\"https:\/\/www.subdeco.com\/bati\/?s={search_term_string}\"},\"query-input\":{\"@type\":\"PropertyValueSpecification\",\"valueRequired\":true,\"valueName\":\"search_term_string\"}}],\"inLanguage\":\"fr-FR\"},{\"@type\":\"Organization\",\"@id\":\"https:\/\/www.subdeco.com\/bati\/#organization\",\"name\":\"SubD\u00e9co\",\"alternateName\":\"SubD\u00e9co - B\u00e2ti\",\"url\":\"https:\/\/www.subdeco.com\/bati\/\",\"logo\":{\"@type\":\"ImageObject\",\"inLanguage\":\"fr-FR\",\"@id\":\"https:\/\/www.subdeco.com\/bati\/#\/schema\/logo\/image\/\",\"url\":\"https:\/\/www.subdeco.com\/bati\/wp-content\/uploads\/sites\/2\/2021\/02\/shutterstock_236721541-comp.jpg\",\"contentUrl\":\"https:\/\/www.subdeco.com\/bati\/wp-content\/uploads\/sites\/2\/2021\/02\/shutterstock_236721541-comp.jpg\",\"width\":1500,\"height\":1000,\"caption\":\"SubD\u00e9co\"},\"image\":{\"@id\":\"https:\/\/www.subdeco.com\/bati\/#\/schema\/logo\/image\/\"},\"sameAs\":[\"https:\/\/www.linkedin.com\/company\/subdeco\"]}]}<\/script>\n<!-- \/ Yoast SEO plugin. -->","yoast_head_json":{"title":"Mentions l\u00e9gales | SubD\u00e9co B\u00e2ti","description":"Votre vie priv\u00e9e est d\u2019une importance capitale pour nous. Chez Subdeco, nous avons quelques principes fondamentaux.","robots":{"index":"index","follow":"follow","max-snippet":"max-snippet:-1","max-image-preview":"max-image-preview:large","max-video-preview":"max-video-preview:-1"},"canonical":"https:\/\/www.subdeco.com\/bati\/mentions-legales\/","og_locale":"fr_FR","og_type":"article","og_title":"Mentions l\u00e9gales | SubD\u00e9co B\u00e2ti","og_description":"Votre vie priv\u00e9e est d\u2019une importance capitale pour nous. Chez Subdeco, nous avons quelques principes fondamentaux.","og_url":"https:\/\/www.subdeco.com\/bati\/mentions-legales\/","og_site_name":"Subd\u00e9co - B\u00e2ti","article_modified_time":"2025-07-22T11:21:52+00:00","og_image":[{"width":1500,"height":1000,"url":"https:\/\/www.subdeco.com\/bati\/wp-content\/uploads\/sites\/2\/2021\/02\/shutterstock_236721541-comp.jpg","type":"image\/jpeg"}],"twitter_card":"summary_large_image","twitter_misc":{"Dur\u00e9e de lecture estim\u00e9e":"4 minutes"},"schema":{"@context":"https:\/\/schema.org","@graph":[{"@type":"WebPage","@id":"https:\/\/www.subdeco.com\/bati\/mentions-legales\/","url":"https:\/\/www.subdeco.com\/bati\/mentions-legales\/","name":"Mentions l\u00e9gales | SubD\u00e9co B\u00e2ti","isPartOf":{"@id":"https:\/\/www.subdeco.com\/bati\/#website"},"datePublished":"2020-12-22T14:24:27+00:00","dateModified":"2025-07-22T11:21:52+00:00","description":"Votre vie priv\u00e9e est d\u2019une importance capitale pour nous. Chez Subdeco, nous avons quelques principes fondamentaux.","breadcrumb":{"@id":"https:\/\/www.subdeco.com\/bati\/mentions-legales\/#breadcrumb"},"inLanguage":"fr-FR","potentialAction":[{"@type":"ReadAction","target":["https:\/\/www.subdeco.com\/bati\/mentions-legales\/"]}]},{"@type":"BreadcrumbList","@id":"https:\/\/www.subdeco.com\/bati\/mentions-legales\/#breadcrumb","itemListElement":[{"@type":"ListItem","position":1,"name":"Accueil","item":"https:\/\/www.subdeco.com\/bati\/"},{"@type":"ListItem","position":2,"name":"Mentions l\u00e9gales"}]},{"@type":"WebSite","@id":"https:\/\/www.subdeco.com\/bati\/#website","url":"https:\/\/www.subdeco.com\/bati\/","name":"SubD\u00e9co","description":"Conception sur-mesure de solution textile et protection solaire","publisher":{"@id":"https:\/\/www.subdeco.com\/bati\/#organization"},"alternateName":"SubD\u00e9co - B\u00e2ti","potentialAction":[{"@type":"SearchAction","target":{"@type":"EntryPoint","urlTemplate":"https:\/\/www.subdeco.com\/bati\/?s={search_term_string}"},"query-input":{"@type":"PropertyValueSpecification","valueRequired":true,"valueName":"search_term_string"}}],"inLanguage":"fr-FR"},{"@type":"Organization","@id":"https:\/\/www.subdeco.com\/bati\/#organization","name":"SubD\u00e9co","alternateName":"SubD\u00e9co - B\u00e2ti","url":"https:\/\/www.subdeco.com\/bati\/","logo":{"@type":"ImageObject","inLanguage":"fr-FR","@id":"https:\/\/www.subdeco.com\/bati\/#\/schema\/logo\/image\/","url":"https:\/\/www.subdeco.com\/bati\/wp-content\/uploads\/sites\/2\/2021\/02\/shutterstock_236721541-comp.jpg","contentUrl":"https:\/\/www.subdeco.com\/bati\/wp-content\/uploads\/sites\/2\/2021\/02\/shutterstock_236721541-comp.jpg","width":1500,"height":1000,"caption":"SubD\u00e9co"},"image":{"@id":"https:\/\/www.subdeco.com\/bati\/#\/schema\/logo\/image\/"},"sameAs":["https:\/\/www.linkedin.com\/company\/subdeco"]}]}},"_links":{"self":[{"href":"https:\/\/www.subdeco.com\/bati\/wp-json\/wp\/v2\/pages\/533","targetHints":{"allow":["GET"]}}],"collection":[{"href":"https:\/\/www.subdeco.com\/bati\/wp-json\/wp\/v2\/pages"}],"about":[{"href":"https:\/\/www.subdeco.com\/bati\/wp-json\/wp\/v2\/types\/page"}],"author":[{"embeddable":true,"href":"https:\/\/www.subdeco.com\/bati\/wp-json\/wp\/v2\/users\/1"}],"replies":[{"embeddable":true,"href":"https:\/\/www.subdeco.com\/bati\/wp-json\/wp\/v2\/comments?post=533"}],"version-history":[{"count":11,"href":"https:\/\/www.subdeco.com\/bati\/wp-json\/wp\/v2\/pages\/533\/revisions"}],"predecessor-version":[{"id":3550,"href":"https:\/\/www.subdeco.com\/bati\/wp-json\/wp\/v2\/pages\/533\/revisions\/3550"}],"wp:attachment":[{"href":"https:\/\/www.subdeco.com\/bati\/wp-json\/wp\/v2\/media?parent=533"}],"curies":[{"name":"wp","href":"https:\/\/api.w.org\/{rel}","templated":true}]}}