{"id":3402,"date":"2021-04-26T11:32:12","date_gmt":"2021-04-26T09:32:12","guid":{"rendered":"https:\/\/www.subdeco.com\/deco\/?post_type=produit&#038;p=3402"},"modified":"2026-02-12T09:53:13","modified_gmt":"2026-02-12T08:53:13","slug":"tissu-dameublement-atn","status":"publish","type":"produit","link":"https:\/\/www.subdeco.com\/deco\/produit\/tissu-dameublement-atn\/","title":{"rendered":"Cuir et Simili d&#8217;ameublement &#8211; MAH"},"content":{"rendered":"","protected":false},"featured_media":3411,"template":"","produit_categorie":[83,79],"manoeuvre":[],"coloris":[],"cintrable":[],"coloris_mecanisme":[],"installation":[],"class_list":{"0":"post-3402","1":"produit","2":"type-produit","3":"status-publish","4":"has-post-thumbnail","6":"produit_categorie-echantillonnage-nos-tissus","7":"produit_categorie-textile"},"yoast_head":"<!-- This site is optimized with the Yoast SEO plugin v26.9 - https:\/\/yoast.com\/product\/yoast-seo-wordpress\/ -->\n<title>Cuir et Simili d&#039;ameublement - MAH | SubD\u00e9co D\u00e9co<\/title>\n<meta name=\"description\" content=\"MAH ATN \u2013\u00a0 TISSUS D\u2019AMEUBLEMENT CUIR ET SIMILICUIR Avec des design modernes et r\u00e9pondant \u00e0 de hautes exigences, le fabricant de cuir et similicuir pr\u00e9sente chaque ann\u00e9e une nouvelle palette de tissus d\u2019ameublement int\u00e9rieur et ext\u00e9rieur. Tous les tissus d\u2019ameublement MAH sont r\u00e9sistants aux UV (hormis les gammes Neon &amp; Flitter), ignifug\u00e9s, r\u00e9sistants et imperm\u00e9ables.\" \/>\n<meta name=\"robots\" content=\"index, follow, max-snippet:-1, max-image-preview:large, max-video-preview:-1\" \/>\n<link rel=\"canonical\" href=\"https:\/\/www.subdeco.com\/deco\/produit\/tissu-dameublement-atn\/\" \/>\n<meta property=\"og:locale\" content=\"fr_FR\" \/>\n<meta property=\"og:type\" content=\"article\" \/>\n<meta property=\"og:title\" content=\"Cuir et Simili d&#039;ameublement - MAH | SubD\u00e9co D\u00e9co\" \/>\n<meta property=\"og:description\" content=\"MAH ATN \u2013\u00a0 TISSUS D\u2019AMEUBLEMENT CUIR ET SIMILICUIR Avec des design modernes et r\u00e9pondant \u00e0 de hautes exigences, le fabricant de cuir et similicuir pr\u00e9sente chaque ann\u00e9e une nouvelle palette de tissus d\u2019ameublement int\u00e9rieur et ext\u00e9rieur. Tous les tissus d\u2019ameublement MAH sont r\u00e9sistants aux UV (hormis les gammes Neon &amp; Flitter), ignifug\u00e9s, r\u00e9sistants et imperm\u00e9ables.\" \/>\n<meta property=\"og:url\" content=\"https:\/\/www.subdeco.com\/deco\/produit\/tissu-dameublement-atn\/\" \/>\n<meta property=\"og:site_name\" content=\"Subd\u00e9co - D\u00e9co\" \/>\n<meta property=\"article:modified_time\" content=\"2026-02-12T08:53:13+00:00\" \/>\n<meta property=\"og:image\" content=\"https:\/\/www.subdeco.com\/deco\/wp-content\/uploads\/2021\/04\/Illustration-ATN-du-tarif-Subdeco.jpg\" \/>\n\t<meta property=\"og:image:width\" content=\"821\" \/>\n\t<meta property=\"og:image:height\" content=\"617\" \/>\n\t<meta property=\"og:image:type\" content=\"image\/jpeg\" \/>\n<meta name=\"twitter:card\" content=\"summary_large_image\" \/>\n<meta name=\"twitter:label1\" content=\"Dur\u00e9e de lecture estim\u00e9e\" \/>\n\t<meta name=\"twitter:data1\" content=\"1 minute\" \/>\n<script type=\"application\/ld+json\" class=\"yoast-schema-graph\">{\"@context\":\"https:\/\/schema.org\",\"@graph\":[{\"@type\":[\"WebPage\",\"ItemPage\"],\"@id\":\"https:\/\/www.subdeco.com\/deco\/produit\/tissu-dameublement-atn\/\",\"url\":\"https:\/\/www.subdeco.com\/deco\/produit\/tissu-dameublement-atn\/\",\"name\":\"Cuir et Simili d'ameublement - MAH | SubD\u00e9co D\u00e9co\",\"isPartOf\":{\"@id\":\"https:\/\/www.subdeco.com\/deco\/#website\"},\"primaryImageOfPage\":{\"@id\":\"https:\/\/www.subdeco.com\/deco\/produit\/tissu-dameublement-atn\/#primaryimage\"},\"image\":{\"@id\":\"https:\/\/www.subdeco.com\/deco\/produit\/tissu-dameublement-atn\/#primaryimage\"},\"thumbnailUrl\":\"https:\/\/www.subdeco.com\/deco\/wp-content\/uploads\/2021\/04\/Illustration-ATN-du-tarif-Subdeco.jpg\",\"datePublished\":\"2021-04-26T09:32:12+00:00\",\"dateModified\":\"2026-02-12T08:53:13+00:00\",\"description\":\"MAH ATN \u2013\u00a0 TISSUS D\u2019AMEUBLEMENT CUIR ET SIMILICUIR Avec des design modernes et r\u00e9pondant \u00e0 de hautes exigences, le fabricant de cuir et similicuir pr\u00e9sente chaque ann\u00e9e une nouvelle palette de tissus d\u2019ameublement int\u00e9rieur et ext\u00e9rieur. Tous les tissus d\u2019ameublement MAH sont r\u00e9sistants aux UV (hormis les gammes Neon &amp; Flitter), ignifug\u00e9s, r\u00e9sistants et imperm\u00e9ables.\",\"breadcrumb\":{\"@id\":\"https:\/\/www.subdeco.com\/deco\/produit\/tissu-dameublement-atn\/#breadcrumb\"},\"inLanguage\":\"fr-FR\",\"potentialAction\":[{\"@type\":\"ReadAction\",\"target\":[\"https:\/\/www.subdeco.com\/deco\/produit\/tissu-dameublement-atn\/\"]}]},{\"@type\":\"ImageObject\",\"inLanguage\":\"fr-FR\",\"@id\":\"https:\/\/www.subdeco.com\/deco\/produit\/tissu-dameublement-atn\/#primaryimage\",\"url\":\"https:\/\/www.subdeco.com\/deco\/wp-content\/uploads\/2021\/04\/Illustration-ATN-du-tarif-Subdeco.jpg\",\"contentUrl\":\"https:\/\/www.subdeco.com\/deco\/wp-content\/uploads\/2021\/04\/Illustration-ATN-du-tarif-Subdeco.jpg\",\"width\":821,\"height\":617,\"caption\":\"Ambiance tissu ameublement simili\"},{\"@type\":\"BreadcrumbList\",\"@id\":\"https:\/\/www.subdeco.com\/deco\/produit\/tissu-dameublement-atn\/#breadcrumb\",\"itemListElement\":[{\"@type\":\"ListItem\",\"position\":1,\"name\":\"Accueil\",\"item\":\"https:\/\/www.subdeco.com\/deco\/\"},{\"@type\":\"ListItem\",\"position\":2,\"name\":\"Produits\",\"item\":\"https:\/\/www.subdeco.com\/deco\/produit\/\"},{\"@type\":\"ListItem\",\"position\":3,\"name\":\"Textile\",\"item\":\"https:\/\/www.subdeco.com\/deco\/produit_categorie\/textile\/\"},{\"@type\":\"ListItem\",\"position\":4,\"name\":\"Cuir et Simili d&#8217;ameublement &#8211; MAH\"}]},{\"@type\":\"WebSite\",\"@id\":\"https:\/\/www.subdeco.com\/deco\/#website\",\"url\":\"https:\/\/www.subdeco.com\/deco\/\",\"name\":\"SubD\u00e9co\",\"description\":\"Fournitures tissus rails et stores pour cr\u00e9er vos int\u00e9rieurs textile.\",\"publisher\":{\"@id\":\"https:\/\/www.subdeco.com\/deco\/#organization\"},\"alternateName\":\"SubD\u00e9co - D\u00e9co\",\"potentialAction\":[{\"@type\":\"SearchAction\",\"target\":{\"@type\":\"EntryPoint\",\"urlTemplate\":\"https:\/\/www.subdeco.com\/deco\/?s={search_term_string}\"},\"query-input\":{\"@type\":\"PropertyValueSpecification\",\"valueRequired\":true,\"valueName\":\"search_term_string\"}}],\"inLanguage\":\"fr-FR\"},{\"@type\":\"Organization\",\"@id\":\"https:\/\/www.subdeco.com\/deco\/#organization\",\"name\":\"SubD\u00e9co\",\"alternateName\":\"SubD\u00e9co - D\u00e9co\",\"url\":\"https:\/\/www.subdeco.com\/deco\/\",\"logo\":{\"@type\":\"ImageObject\",\"inLanguage\":\"fr-FR\",\"@id\":\"https:\/\/www.subdeco.com\/deco\/#\/schema\/logo\/image\/\",\"url\":\"https:\/\/www.subdeco.com\/deco\/wp-content\/uploads\/2021\/03\/shutterstock_1832015656-comp.jpg\",\"contentUrl\":\"https:\/\/www.subdeco.com\/deco\/wp-content\/uploads\/2021\/03\/shutterstock_1832015656-comp.jpg\",\"width\":1500,\"height\":1001,\"caption\":\"SubD\u00e9co\"},\"image\":{\"@id\":\"https:\/\/www.subdeco.com\/deco\/#\/schema\/logo\/image\/\"},\"sameAs\":[\"https:\/\/www.linkedin.com\/company\/subdeco\"]}]}<\/script>\n<!-- \/ Yoast SEO plugin. -->","yoast_head_json":{"title":"Cuir et Simili d'ameublement - MAH | SubD\u00e9co D\u00e9co","description":"MAH ATN \u2013\u00a0 TISSUS D\u2019AMEUBLEMENT CUIR ET SIMILICUIR Avec des design modernes et r\u00e9pondant \u00e0 de hautes exigences, le fabricant de cuir et similicuir pr\u00e9sente chaque ann\u00e9e une nouvelle palette de tissus d\u2019ameublement int\u00e9rieur et ext\u00e9rieur. Tous les tissus d\u2019ameublement MAH sont r\u00e9sistants aux UV (hormis les gammes Neon &amp; Flitter), ignifug\u00e9s, r\u00e9sistants et imperm\u00e9ables.","robots":{"index":"index","follow":"follow","max-snippet":"max-snippet:-1","max-image-preview":"max-image-preview:large","max-video-preview":"max-video-preview:-1"},"canonical":"https:\/\/www.subdeco.com\/deco\/produit\/tissu-dameublement-atn\/","og_locale":"fr_FR","og_type":"article","og_title":"Cuir et Simili d'ameublement - MAH | SubD\u00e9co D\u00e9co","og_description":"MAH ATN \u2013\u00a0 TISSUS D\u2019AMEUBLEMENT CUIR ET SIMILICUIR Avec des design modernes et r\u00e9pondant \u00e0 de hautes exigences, le fabricant de cuir et similicuir pr\u00e9sente chaque ann\u00e9e une nouvelle palette de tissus d\u2019ameublement int\u00e9rieur et ext\u00e9rieur. Tous les tissus d\u2019ameublement MAH sont r\u00e9sistants aux UV (hormis les gammes Neon &amp; Flitter), ignifug\u00e9s, r\u00e9sistants et imperm\u00e9ables.","og_url":"https:\/\/www.subdeco.com\/deco\/produit\/tissu-dameublement-atn\/","og_site_name":"Subd\u00e9co - D\u00e9co","article_modified_time":"2026-02-12T08:53:13+00:00","og_image":[{"width":821,"height":617,"url":"https:\/\/www.subdeco.com\/deco\/wp-content\/uploads\/2021\/04\/Illustration-ATN-du-tarif-Subdeco.jpg","type":"image\/jpeg"}],"twitter_card":"summary_large_image","twitter_misc":{"Dur\u00e9e de lecture estim\u00e9e":"1 minute"},"schema":{"@context":"https:\/\/schema.org","@graph":[{"@type":["WebPage","ItemPage"],"@id":"https:\/\/www.subdeco.com\/deco\/produit\/tissu-dameublement-atn\/","url":"https:\/\/www.subdeco.com\/deco\/produit\/tissu-dameublement-atn\/","name":"Cuir et Simili d'ameublement - MAH | SubD\u00e9co D\u00e9co","isPartOf":{"@id":"https:\/\/www.subdeco.com\/deco\/#website"},"primaryImageOfPage":{"@id":"https:\/\/www.subdeco.com\/deco\/produit\/tissu-dameublement-atn\/#primaryimage"},"image":{"@id":"https:\/\/www.subdeco.com\/deco\/produit\/tissu-dameublement-atn\/#primaryimage"},"thumbnailUrl":"https:\/\/www.subdeco.com\/deco\/wp-content\/uploads\/2021\/04\/Illustration-ATN-du-tarif-Subdeco.jpg","datePublished":"2021-04-26T09:32:12+00:00","dateModified":"2026-02-12T08:53:13+00:00","description":"MAH ATN \u2013\u00a0 TISSUS D\u2019AMEUBLEMENT CUIR ET SIMILICUIR Avec des design modernes et r\u00e9pondant \u00e0 de hautes exigences, le fabricant de cuir et similicuir pr\u00e9sente chaque ann\u00e9e une nouvelle palette de tissus d\u2019ameublement int\u00e9rieur et ext\u00e9rieur. Tous les tissus d\u2019ameublement MAH sont r\u00e9sistants aux UV (hormis les gammes Neon &amp; Flitter), ignifug\u00e9s, r\u00e9sistants et imperm\u00e9ables.","breadcrumb":{"@id":"https:\/\/www.subdeco.com\/deco\/produit\/tissu-dameublement-atn\/#breadcrumb"},"inLanguage":"fr-FR","potentialAction":[{"@type":"ReadAction","target":["https:\/\/www.subdeco.com\/deco\/produit\/tissu-dameublement-atn\/"]}]},{"@type":"ImageObject","inLanguage":"fr-FR","@id":"https:\/\/www.subdeco.com\/deco\/produit\/tissu-dameublement-atn\/#primaryimage","url":"https:\/\/www.subdeco.com\/deco\/wp-content\/uploads\/2021\/04\/Illustration-ATN-du-tarif-Subdeco.jpg","contentUrl":"https:\/\/www.subdeco.com\/deco\/wp-content\/uploads\/2021\/04\/Illustration-ATN-du-tarif-Subdeco.jpg","width":821,"height":617,"caption":"Ambiance tissu ameublement simili"},{"@type":"BreadcrumbList","@id":"https:\/\/www.subdeco.com\/deco\/produit\/tissu-dameublement-atn\/#breadcrumb","itemListElement":[{"@type":"ListItem","position":1,"name":"Accueil","item":"https:\/\/www.subdeco.com\/deco\/"},{"@type":"ListItem","position":2,"name":"Produits","item":"https:\/\/www.subdeco.com\/deco\/produit\/"},{"@type":"ListItem","position":3,"name":"Textile","item":"https:\/\/www.subdeco.com\/deco\/produit_categorie\/textile\/"},{"@type":"ListItem","position":4,"name":"Cuir et Simili d&#8217;ameublement &#8211; MAH"}]},{"@type":"WebSite","@id":"https:\/\/www.subdeco.com\/deco\/#website","url":"https:\/\/www.subdeco.com\/deco\/","name":"SubD\u00e9co","description":"Fournitures tissus rails et stores pour cr\u00e9er vos int\u00e9rieurs textile.","publisher":{"@id":"https:\/\/www.subdeco.com\/deco\/#organization"},"alternateName":"SubD\u00e9co - D\u00e9co","potentialAction":[{"@type":"SearchAction","target":{"@type":"EntryPoint","urlTemplate":"https:\/\/www.subdeco.com\/deco\/?s={search_term_string}"},"query-input":{"@type":"PropertyValueSpecification","valueRequired":true,"valueName":"search_term_string"}}],"inLanguage":"fr-FR"},{"@type":"Organization","@id":"https:\/\/www.subdeco.com\/deco\/#organization","name":"SubD\u00e9co","alternateName":"SubD\u00e9co - D\u00e9co","url":"https:\/\/www.subdeco.com\/deco\/","logo":{"@type":"ImageObject","inLanguage":"fr-FR","@id":"https:\/\/www.subdeco.com\/deco\/#\/schema\/logo\/image\/","url":"https:\/\/www.subdeco.com\/deco\/wp-content\/uploads\/2021\/03\/shutterstock_1832015656-comp.jpg","contentUrl":"https:\/\/www.subdeco.com\/deco\/wp-content\/uploads\/2021\/03\/shutterstock_1832015656-comp.jpg","width":1500,"height":1001,"caption":"SubD\u00e9co"},"image":{"@id":"https:\/\/www.subdeco.com\/deco\/#\/schema\/logo\/image\/"},"sameAs":["https:\/\/www.linkedin.com\/company\/subdeco"]}]}},"_links":{"self":[{"href":"https:\/\/www.subdeco.com\/deco\/wp-json\/wp\/v2\/produit\/3402","targetHints":{"allow":["GET"]}}],"collection":[{"href":"https:\/\/www.subdeco.com\/deco\/wp-json\/wp\/v2\/produit"}],"about":[{"href":"https:\/\/www.subdeco.com\/deco\/wp-json\/wp\/v2\/types\/produit"}],"wp:featuredmedia":[{"embeddable":true,"href":"https:\/\/www.subdeco.com\/deco\/wp-json\/wp\/v2\/media\/3411"}],"wp:attachment":[{"href":"https:\/\/www.subdeco.com\/deco\/wp-json\/wp\/v2\/media?parent=3402"}],"wp:term":[{"taxonomy":"produit_categorie","embeddable":true,"href":"https:\/\/www.subdeco.com\/deco\/wp-json\/wp\/v2\/produit_categorie?post=3402"},{"taxonomy":"manoeuvre","embeddable":true,"href":"https:\/\/www.subdeco.com\/deco\/wp-json\/wp\/v2\/manoeuvre?post=3402"},{"taxonomy":"coloris","embeddable":true,"href":"https:\/\/www.subdeco.com\/deco\/wp-json\/wp\/v2\/coloris?post=3402"},{"taxonomy":"cintrable","embeddable":true,"href":"https:\/\/www.subdeco.com\/deco\/wp-json\/wp\/v2\/cintrable?post=3402"},{"taxonomy":"coloris_mecanisme","embeddable":true,"href":"https:\/\/www.subdeco.com\/deco\/wp-json\/wp\/v2\/coloris_mecanisme?post=3402"},{"taxonomy":"installation","embeddable":true,"href":"https:\/\/www.subdeco.com\/deco\/wp-json\/wp\/v2\/installation?post=3402"}],"curies":[{"name":"wp","href":"https:\/\/api.w.org\/{rel}","templated":true}]}}